{"id":58914,"date":"2025-12-10T18:01:22","date_gmt":"2025-12-10T18:01:22","guid":{"rendered":"https:\/\/senabel.com\/?post_type=product&#038;p=58914"},"modified":"2026-04-29T17:13:20","modified_gmt":"2026-04-29T17:13:20","slug":"rahat-lokum-med-pistasch-och-granatapple","status":"publish","type":"product","link":"https:\/\/senabel.com\/sv\/product\/rahat-lokum-with-pistachio-and-pomegranate\/","title":{"rendered":"Pistage- och granat\u00e4ppelorienterad fyrkantig palm"},"content":{"rendered":"<p data-start=\"0\" data-end=\"83\">En lyxig fyrkantig v\u00e5ffla som kombinerar mjukhet med den karakteristiska smaken av granat\u00e4pple, t\u00e4ckt med ett gener\u00f6st lager av hela pistaschn\u00f6tter. Dessa v\u00e5fflor kombinerar en uts\u00f6kt s\u00f6t smak med en l\u00e4tt krispighet, vilket ger dig en unik upplevelse av raffinerad \u00f6stlig g\u00e4stfrihet.<\/p>\n<p data-start=\"312\" data-end=\"530\"><strong data-start=\"312\" data-end=\"324\">Funktioner<\/strong><br data-start=\"324\" data-end=\"327\" \/>\u2013 Utm\u00e4rkta pistaschn\u00f6tter som t\u00e4cker varje bit<br data-start=\"357\" data-end=\"360\" \/>\u2013 Den rika granat\u00e4ppelsmaken ger den en distinkt och unik smak.<br data-start=\"403\" data-end=\"406\" \/>\u2013 Individuellt f\u00f6rpackade fyrkantiga bitar f\u00f6r att bevara kvalitet och f\u00e4rskhet<br data-start=\"457\" data-end=\"460\" \/>\u2013 L\u00e4mplig f\u00f6r vardagsbruk och speciella tillf\u00e4llen<br data-start=\"501\" data-end=\"504\" \/>\u2013 En lyxprodukt fr\u00e5n varum\u00e4rket Al-Kour<\/p>\n<p data-start=\"532\" data-end=\"632\"><strong data-start=\"532\" data-end=\"549\">Produktinformation<\/strong><br data-start=\"549\" data-end=\"552\" \/>\u2013 Vikt: 500 g \u2013 1000 g<br data-start=\"575\" data-end=\"578\" \/>\u2013 Typ: Fyrkantigt bakverk med pistagen\u00f6tter och granat\u00e4pple<br data-start=\"613\" data-end=\"616\" \/>\u2013 Varum\u00e4rke: Al-Koor<\/p>\n<p data-start=\"634\" data-end=\"734\"><strong data-start=\"634\" data-end=\"651\">Hur man serverar<\/strong><br data-start=\"651\" data-end=\"654\" \/>\u2013 Perfekt tillsammans med arabiskt kaffe eller te<br data-start=\"689\" data-end=\"692\" \/>\u2013 Kan serveras i specialbrickor och fat.<\/p>\n<p data-start=\"736\" data-end=\"818\"><strong data-start=\"736\" data-end=\"747\">F\u00f6rvaring<\/strong><br data-start=\"747\" data-end=\"750\" \/>\u2013 F\u00f6rvara p\u00e5 en sval, torr plats.<br data-start=\"774\" data-end=\"777\" \/>\u2013 F\u00f6rslut ordentligt efter \u00f6ppnandet f\u00f6r att bibeh\u00e5lla smakens f\u00e4rskhet.<\/p>","protected":false},"excerpt":{"rendered":"<p>En lyxig fyrkantig v\u00e5ffla som kombinerar mjukhet med den karakteristiska smaken av granat\u00e4pple, t\u00e4ckt med ett gener\u00f6st lager av hela pistaschn\u00f6tter. Dessa v\u00e5fflor kombinerar en uts\u00f6kt s\u00f6t smak med en l\u00e4tt krispighet, vilket ger dig en unik upplevelse av raffinerad \u00f6stlig g\u00e4stfrihet.<\/p>","protected":false},"featured_media":58918,"template":"","meta":[],"product_brand":[],"product_cat":[299],"product_tag":[],"class_list":{"0":"post-58914","1":"product","2":"type-product","3":"status-publish","4":"has-post-thumbnail","6":"product_cat-299","8":"first","9":"instock","10":"taxable","11":"shipping-taxable","12":"purchasable","13":"product-type-variable"},"_links":{"self":[{"href":"https:\/\/senabel.com\/sv\/wp-json\/wp\/v2\/product\/58914","targetHints":{"allow":["GET"]}}],"collection":[{"href":"https:\/\/senabel.com\/sv\/wp-json\/wp\/v2\/product"}],"about":[{"href":"https:\/\/senabel.com\/sv\/wp-json\/wp\/v2\/types\/product"}],"version-history":[{"count":3,"href":"https:\/\/senabel.com\/sv\/wp-json\/wp\/v2\/product\/58914\/revisions"}],"predecessor-version":[{"id":59384,"href":"https:\/\/senabel.com\/sv\/wp-json\/wp\/v2\/product\/58914\/revisions\/59384"}],"wp:featuredmedia":[{"embeddable":true,"href":"https:\/\/senabel.com\/sv\/wp-json\/wp\/v2\/media\/58918"}],"wp:attachment":[{"href":"https:\/\/senabel.com\/sv\/wp-json\/wp\/v2\/media?parent=58914"}],"wp:term":[{"taxonomy":"product_brand","embeddable":true,"href":"https:\/\/senabel.com\/sv\/wp-json\/wp\/v2\/product_brand?post=58914"},{"taxonomy":"product_cat","embeddable":true,"href":"https:\/\/senabel.com\/sv\/wp-json\/wp\/v2\/product_cat?post=58914"},{"taxonomy":"product_tag","embeddable":true,"href":"https:\/\/senabel.com\/sv\/wp-json\/wp\/v2\/product_tag?post=58914"}],"curies":[{"name":"wp","href":"https:\/\/api.w.org\/{rel}","templated":true}]}}