{"id":58503,"date":"2025-12-03T10:48:32","date_gmt":"2025-12-03T10:48:32","guid":{"rendered":"https:\/\/senabel.com\/?post_type=product&#038;p=58503"},"modified":"2026-03-15T12:51:48","modified_gmt":"2026-03-15T12:51:48","slug":"grekiska-torkade-fikon-1","status":"publish","type":"product","link":"https:\/\/senabel.com\/sv\/product\/greek-dried-figs-1\/","title":{"rendered":"Grekiska torkade fikon, 1 kg"},"content":{"rendered":"<p data-start=\"48\" data-end=\"306\">Lyxiga grekiska fikon fr\u00e5n <em data-start=\"84\" data-end=\"103\">Varum\u00e4rket Mama\u2019s Figs<\/em>Naturligt soltorkade i norra Evia, k\u00e4nt f\u00f6r att producera de finaste fikon. Fikonen har en koncentrerad s\u00f6t smak och mjuk konsistens och presenteras snyggt i en elegant l\u00e5da, vilket g\u00f6r dem perfekta f\u00f6r vardagsbruk eller f\u00f6r festliga tillf\u00e4llen.<\/p>\n<p data-start=\"308\" data-end=\"322\"><strong data-start=\"308\" data-end=\"320\">Funktioner<\/strong><\/p>\n<ul data-start=\"323\" data-end=\"508\">\n<li data-start=\"323\" data-end=\"358\">\n<p data-start=\"325\" data-end=\"358\">Naturligt tenn 100% fr\u00e5n <em data-start=\"343\" data-end=\"356\">Mamas fikon<\/em><\/p>\n<\/li>\n<li data-start=\"359\" data-end=\"389\">\n<p data-start=\"361\" data-end=\"389\">Traditionell soltork<\/p>\n<\/li>\n<li data-start=\"390\" data-end=\"419\">\n<p data-start=\"392\" data-end=\"419\">Stora, noggrant utvalda b\u00f6nor<\/p>\n<\/li>\n<li data-start=\"420\" data-end=\"458\">\n<p data-start=\"422\" data-end=\"458\">Rik p\u00e5 fibrer, vitaminer och mineraler<\/p>\n<\/li>\n<li data-start=\"459\" data-end=\"508\">\n<p data-start=\"461\" data-end=\"508\">Passar som ett h\u00e4lsosamt mellanm\u00e5l eller som tillbeh\u00f6r i recept och desserter.<\/p>\n<\/li>\n<\/ul>\n<p data-start=\"510\" data-end=\"529\"><strong data-start=\"510\" data-end=\"527\">Produktinformation<\/strong><\/p>\n<ul data-start=\"530\" data-end=\"660\">\n<li data-start=\"530\" data-end=\"554\">\n<p data-start=\"532\" data-end=\"554\">Nettovikt: 1 kg<\/p>\n<\/li>\n<li data-start=\"555\" data-end=\"587\">\n<p data-start=\"557\" data-end=\"587\">Ursprung: Grekland \u2013 Norra Evia<\/p>\n<\/li>\n<li data-start=\"588\" data-end=\"616\">\n<p data-start=\"590\" data-end=\"616\">Varum\u00e4rket: <strong data-start=\"599\" data-end=\"614\">Mamas fikon<\/strong><\/p>\n<\/li>\n<li data-start=\"617\" data-end=\"660\">\n<p data-start=\"619\" data-end=\"660\">Typ: Torkade fikon av h\u00f6gsta kvalitet<\/p>\n<\/li>\n<\/ul>\n<p data-start=\"662\" data-end=\"679\"><strong data-start=\"662\" data-end=\"677\">Anv\u00e4ndningsomr\u00e5den<\/strong><\/p>\n<ul data-start=\"680\" data-end=\"777\">\n<li data-start=\"680\" data-end=\"714\">\n<p data-start=\"682\" data-end=\"714\">\u00c4ts direkt som ett naturligt mellanm\u00e5l<\/p>\n<\/li>\n<li data-start=\"715\" data-end=\"748\">\n<p data-start=\"717\" data-end=\"748\">Tills\u00e4tts i kakor, bakverk och havregryn<\/p>\n<\/li>\n<li data-start=\"749\" data-end=\"777\">\n<p data-start=\"751\" data-end=\"777\">Perfekt f\u00f6r hotell- och evenemangsbranschen<\/p>\n<\/li>\n<\/ul>\n<p data-start=\"779\" data-end=\"792\"><strong data-start=\"779\" data-end=\"790\">F\u00f6rvaring<\/strong><\/p>\n<ul data-start=\"793\" data-end=\"876\">\n<li data-start=\"793\" data-end=\"820\">\n<p data-start=\"795\" data-end=\"820\">F\u00f6rvaras p\u00e5 en sval och torr plats<\/p>\n<\/li>\n<li data-start=\"821\" data-end=\"876\">\n<p data-start=\"823\" data-end=\"876\">F\u00f6rslut ordentligt efter \u00f6ppnandet f\u00f6r att bibeh\u00e5lla f\u00e4rskhet och kvalitet.<\/p>\n<\/li>\n<\/ul>","protected":false},"excerpt":{"rendered":"<p>Lyxiga grekiska fikon fr\u00e5n <em data-start=\"84\" data-end=\"103\">Varum\u00e4rket Mama\u2019s Figs<\/em>Naturligt soltorkade i norra Evia, k\u00e4nt f\u00f6r att producera de finaste fikon. Fikonen har en koncentrerad s\u00f6t smak och mjuk konsistens och presenteras snyggt i en elegant l\u00e5da, vilket g\u00f6r dem perfekta f\u00f6r vardagsbruk eller f\u00f6r festliga tillf\u00e4llen.<\/p>","protected":false},"featured_media":58504,"template":"","meta":[],"product_brand":[],"product_cat":[367],"product_tag":[],"class_list":{"0":"post-58503","1":"product","2":"type-product","3":"status-publish","4":"has-post-thumbnail","6":"product_cat-367","8":"first","9":"instock","10":"taxable","11":"shipping-taxable","12":"purchasable","13":"product-type-simple"},"_links":{"self":[{"href":"https:\/\/senabel.com\/sv\/wp-json\/wp\/v2\/product\/58503","targetHints":{"allow":["GET"]}}],"collection":[{"href":"https:\/\/senabel.com\/sv\/wp-json\/wp\/v2\/product"}],"about":[{"href":"https:\/\/senabel.com\/sv\/wp-json\/wp\/v2\/types\/product"}],"version-history":[{"count":1,"href":"https:\/\/senabel.com\/sv\/wp-json\/wp\/v2\/product\/58503\/revisions"}],"predecessor-version":[{"id":58505,"href":"https:\/\/senabel.com\/sv\/wp-json\/wp\/v2\/product\/58503\/revisions\/58505"}],"wp:featuredmedia":[{"embeddable":true,"href":"https:\/\/senabel.com\/sv\/wp-json\/wp\/v2\/media\/58504"}],"wp:attachment":[{"href":"https:\/\/senabel.com\/sv\/wp-json\/wp\/v2\/media?parent=58503"}],"wp:term":[{"taxonomy":"product_brand","embeddable":true,"href":"https:\/\/senabel.com\/sv\/wp-json\/wp\/v2\/product_brand?post=58503"},{"taxonomy":"product_cat","embeddable":true,"href":"https:\/\/senabel.com\/sv\/wp-json\/wp\/v2\/product_cat?post=58503"},{"taxonomy":"product_tag","embeddable":true,"href":"https:\/\/senabel.com\/sv\/wp-json\/wp\/v2\/product_tag?post=58503"}],"curies":[{"name":"wp","href":"https:\/\/api.w.org\/{rel}","templated":true}]}}