{"id":58498,"date":"2025-12-03T10:45:14","date_gmt":"2025-12-03T10:45:14","guid":{"rendered":"https:\/\/senabel.com\/?post_type=product&#038;p=58498"},"modified":"2026-03-01T20:18:09","modified_gmt":"2026-03-01T20:18:09","slug":"grekiska-torkade-fikon","status":"publish","type":"product","link":"https:\/\/senabel.com\/sv\/product\/greek-dried-figs\/","title":{"rendered":"Grekiska torkade fikon 500 g"},"content":{"rendered":"<p data-start=\"47\" data-end=\"321\">H\u00f6gkvalitativa torkade fikon fr\u00e5n <em data-start=\"88\" data-end=\"108\">Varum\u00e4rket Mama\u2019s Fruit<\/em>De kommer fr\u00e5n norra Evia i Grekland, en region som \u00e4r k\u00e4nd f\u00f6r att producera de finaste naturligt torkade fikon. Fikonen torkas i solen f\u00f6r att bevara sin rika smak och n\u00e4ringsv\u00e4rde, och den eleganta och attraktiva f\u00f6rpackningen s\u00e4kerst\u00e4ller att produkten levereras f\u00e4rsk och l\u00e4cker.<\/p>\n<p data-start=\"323\" data-end=\"337\"><strong data-start=\"323\" data-end=\"335\">Funktioner<\/strong><\/p>\n<ul data-start=\"338\" data-end=\"552\">\n<li data-start=\"338\" data-end=\"381\">\n<p data-start=\"340\" data-end=\"381\">Naturliga grekiska fikon 100% fr\u00e5n <em data-start=\"365\" data-end=\"379\">Mamas frukt<\/em><\/p>\n<\/li>\n<li data-start=\"382\" data-end=\"430\">\n<p data-start=\"384\" data-end=\"430\">Soltorkad f\u00f6r att bevara den ursprungliga smaken<\/p>\n<\/li>\n<li data-start=\"431\" data-end=\"465\">\n<p data-start=\"433\" data-end=\"465\">Rik p\u00e5 fiber och n\u00e4rings\u00e4mnen<\/p>\n<\/li>\n<li data-start=\"466\" data-end=\"511\">\n<p data-start=\"468\" data-end=\"511\">L\u00e4mplig som ett h\u00e4lsosamt mellanm\u00e5l eller som ingrediens i recept<\/p>\n<\/li>\n<li data-start=\"512\" data-end=\"552\">\n<p data-start=\"514\" data-end=\"552\">F\u00f6rseglad f\u00f6rpackning bevarar f\u00e4rskhet och kvalitet<\/p>\n<\/li>\n<\/ul>\n<p data-start=\"554\" data-end=\"573\"><strong data-start=\"554\" data-end=\"571\">Produktinformation<\/strong><\/p>\n<ul data-start=\"574\" data-end=\"699\">\n<li data-start=\"574\" data-end=\"596\">\n<p data-start=\"576\" data-end=\"596\">Nettovikt: 500g<\/p>\n<\/li>\n<li data-start=\"597\" data-end=\"629\">\n<p data-start=\"599\" data-end=\"629\">Ursprung: Grekland \u2013 Norra Evia<\/p>\n<\/li>\n<li data-start=\"630\" data-end=\"659\">\n<p data-start=\"632\" data-end=\"659\">Varum\u00e4rket: <strong data-start=\"641\" data-end=\"657\">Mamas frukt<\/strong><\/p>\n<\/li>\n<li data-start=\"660\" data-end=\"699\">\n<p data-start=\"662\" data-end=\"699\">Typ: Torkade fikon av klass A<\/p>\n<\/li>\n<\/ul>\n<p data-start=\"701\" data-end=\"718\"><strong data-start=\"701\" data-end=\"716\">Anv\u00e4ndningsomr\u00e5den<\/strong><\/p>\n<ul data-start=\"719\" data-end=\"825\">\n<li data-start=\"719\" data-end=\"744\">\n<p data-start=\"721\" data-end=\"744\">\u00c4t direkt som ett h\u00e4lsosamt mellanm\u00e5l.<\/p>\n<\/li>\n<li data-start=\"745\" data-end=\"796\">\n<p data-start=\"747\" data-end=\"796\">Kan tills\u00e4ttas i kakor, havregryn, desserter och bakverk.<\/p>\n<\/li>\n<li data-start=\"797\" data-end=\"825\">\n<p data-start=\"799\" data-end=\"825\">Perfekt f\u00f6r hotell- och evenemangsbranschen<\/p>\n<\/li>\n<\/ul>\n<p data-start=\"827\" data-end=\"840\"><strong data-start=\"827\" data-end=\"838\">F\u00f6rvaring<\/strong><\/p>\n<ul data-start=\"841\" data-end=\"918\">\n<li data-start=\"841\" data-end=\"868\">\n<p data-start=\"843\" data-end=\"868\">F\u00f6rvaras p\u00e5 en sval och torr plats<\/p>\n<\/li>\n<li data-start=\"869\" data-end=\"918\">\n<p data-start=\"871\" data-end=\"918\">Det \u00e4r b\u00e4st att st\u00e4nga den ordentligt efter \u00f6ppnandet f\u00f6r att bibeh\u00e5lla kvaliteten.<\/p>\n<\/li>\n<\/ul>","protected":false},"excerpt":{"rendered":"<p>H\u00f6gkvalitativa torkade fikon fr\u00e5n <em data-start=\"88\" data-end=\"108\">Varum\u00e4rket Mama\u2019s Fruit<\/em>De kommer fr\u00e5n norra Evia i Grekland, en region som \u00e4r k\u00e4nd f\u00f6r att producera de finaste naturligt torkade fikon. Fikonen torkas i solen f\u00f6r att bevara sin rika smak och n\u00e4ringsv\u00e4rde, och den eleganta och attraktiva f\u00f6rpackningen s\u00e4kerst\u00e4ller att produkten levereras f\u00e4rsk och l\u00e4cker.<\/p>","protected":false},"featured_media":58499,"template":"","meta":[],"product_brand":[],"product_cat":[367,347],"product_tag":[],"class_list":{"0":"post-58498","1":"product","2":"type-product","3":"status-publish","4":"has-post-thumbnail","6":"product_cat-367","7":"product_cat-347","9":"first","10":"outofstock","11":"taxable","12":"shipping-taxable","13":"purchasable","14":"product-type-simple"},"_links":{"self":[{"href":"https:\/\/senabel.com\/sv\/wp-json\/wp\/v2\/product\/58498","targetHints":{"allow":["GET"]}}],"collection":[{"href":"https:\/\/senabel.com\/sv\/wp-json\/wp\/v2\/product"}],"about":[{"href":"https:\/\/senabel.com\/sv\/wp-json\/wp\/v2\/types\/product"}],"version-history":[{"count":2,"href":"https:\/\/senabel.com\/sv\/wp-json\/wp\/v2\/product\/58498\/revisions"}],"predecessor-version":[{"id":58502,"href":"https:\/\/senabel.com\/sv\/wp-json\/wp\/v2\/product\/58498\/revisions\/58502"}],"wp:featuredmedia":[{"embeddable":true,"href":"https:\/\/senabel.com\/sv\/wp-json\/wp\/v2\/media\/58499"}],"wp:attachment":[{"href":"https:\/\/senabel.com\/sv\/wp-json\/wp\/v2\/media?parent=58498"}],"wp:term":[{"taxonomy":"product_brand","embeddable":true,"href":"https:\/\/senabel.com\/sv\/wp-json\/wp\/v2\/product_brand?post=58498"},{"taxonomy":"product_cat","embeddable":true,"href":"https:\/\/senabel.com\/sv\/wp-json\/wp\/v2\/product_cat?post=58498"},{"taxonomy":"product_tag","embeddable":true,"href":"https:\/\/senabel.com\/sv\/wp-json\/wp\/v2\/product_tag?post=58498"}],"curies":[{"name":"wp","href":"https:\/\/api.w.org\/{rel}","templated":true}]}}