{"id":57721,"date":"2025-11-21T17:38:54","date_gmt":"2025-11-21T17:38:54","guid":{"rendered":"https:\/\/senabel.com\/?post_type=product&#038;p=57721"},"modified":"2026-02-01T16:56:05","modified_gmt":"2026-02-01T16:56:05","slug":"malen-kanel-250-g","status":"publish","type":"product","link":"https:\/\/senabel.com\/sv\/product\/ground-cinnamon-250g\/","title":{"rendered":"Malet kanel \u2013 250 g"},"content":{"rendered":"<p data-start=\"24\" data-end=\"241\">H\u00f6gkvalitativ malen kanel med en varm smak och distinkt arom som ger en rik smak till \u00f6stliga och v\u00e4stliga recept. Den k\u00e4nnetecknas av sin j\u00e4mna malning och konsistenta arom, vilket g\u00f6r den till ett perfekt val f\u00f6r anv\u00e4ndning i desserter, drycker och vardagsr\u00e4tter.<\/p>\n<p data-start=\"243\" data-end=\"257\"><strong data-start=\"243\" data-end=\"255\">Funktioner<\/strong><\/p>\n<ul data-start=\"258\" data-end=\"422\">\n<li data-start=\"258\" data-end=\"285\">\n<p data-start=\"260\" data-end=\"285\">Finmalen, doftande kanel<\/p>\n<\/li>\n<li data-start=\"286\" data-end=\"325\">\n<p data-start=\"288\" data-end=\"325\">En stark, konsistent smak som ger recepten en varm ton.<\/p>\n<\/li>\n<li data-start=\"326\" data-end=\"375\">\n<p data-start=\"328\" data-end=\"375\">L\u00e4mplig f\u00f6r desserter, bakverk och varma drycker<\/p>\n<\/li>\n<li data-start=\"376\" data-end=\"422\">\n<p data-start=\"378\" data-end=\"422\">Perfekt val f\u00f6r vardagsmatlagning och hemmabruk<\/p>\n<\/li>\n<\/ul>\n<p data-start=\"424\" data-end=\"443\"><strong data-start=\"424\" data-end=\"441\">Produktinformation<\/strong><\/p>\n<ul data-start=\"444\" data-end=\"526\">\n<li data-start=\"444\" data-end=\"459\">\n<p data-start=\"446\" data-end=\"459\">Vikt: 250 g<\/p>\n<\/li>\n<li data-start=\"460\" data-end=\"482\">\n<p data-start=\"462\" data-end=\"482\">Typ: Malen kanel<\/p>\n<\/li>\n<li data-start=\"483\" data-end=\"526\">\n<p data-start=\"485\" data-end=\"526\">Anv\u00e4ndning: Matlagning \u2013 Desserter \u2013 Drycker<\/p>\n<\/li>\n<\/ul>\n<p data-start=\"528\" data-end=\"661\" data-is-last-node=\"\" data-is-only-node=\"\"><strong data-start=\"528\" data-end=\"539\">F\u00f6rvaring<\/strong><br data-start=\"539\" data-end=\"542\" \/>F\u00f6rvara p\u00e5 en sval, torr plats, skyddad fr\u00e5n fukt och direkt v\u00e4rme.<br data-start=\"601\" data-end=\"604\" \/>Det \u00e4r b\u00e4st att st\u00e4nga beh\u00e5llaren ordentligt efter anv\u00e4ndning f\u00f6r att bevara smaken.<\/p>","protected":false},"excerpt":{"rendered":"<p>H\u00f6gkvalitativ malen kanel med en varm smak och distinkt arom som ger en rik smak till \u00f6stliga och v\u00e4stliga recept. Den k\u00e4nnetecknas av sin j\u00e4mna malning och konsistenta arom, vilket g\u00f6r den till ett perfekt val f\u00f6r anv\u00e4ndning i desserter, drycker och vardagsr\u00e4tter.<\/p>","protected":false},"featured_media":57722,"template":"","meta":[],"product_brand":[],"product_cat":[349,327],"product_tag":[],"class_list":{"0":"post-57721","1":"product","2":"type-product","3":"status-publish","4":"has-post-thumbnail","6":"product_cat-349","7":"product_cat-327","9":"first","10":"instock","11":"taxable","12":"shipping-taxable","13":"purchasable","14":"product-type-simple"},"_links":{"self":[{"href":"https:\/\/senabel.com\/sv\/wp-json\/wp\/v2\/product\/57721","targetHints":{"allow":["GET"]}}],"collection":[{"href":"https:\/\/senabel.com\/sv\/wp-json\/wp\/v2\/product"}],"about":[{"href":"https:\/\/senabel.com\/sv\/wp-json\/wp\/v2\/types\/product"}],"version-history":[{"count":3,"href":"https:\/\/senabel.com\/sv\/wp-json\/wp\/v2\/product\/57721\/revisions"}],"predecessor-version":[{"id":58162,"href":"https:\/\/senabel.com\/sv\/wp-json\/wp\/v2\/product\/57721\/revisions\/58162"}],"wp:featuredmedia":[{"embeddable":true,"href":"https:\/\/senabel.com\/sv\/wp-json\/wp\/v2\/media\/57722"}],"wp:attachment":[{"href":"https:\/\/senabel.com\/sv\/wp-json\/wp\/v2\/media?parent=57721"}],"wp:term":[{"taxonomy":"product_brand","embeddable":true,"href":"https:\/\/senabel.com\/sv\/wp-json\/wp\/v2\/product_brand?post=57721"},{"taxonomy":"product_cat","embeddable":true,"href":"https:\/\/senabel.com\/sv\/wp-json\/wp\/v2\/product_cat?post=57721"},{"taxonomy":"product_tag","embeddable":true,"href":"https:\/\/senabel.com\/sv\/wp-json\/wp\/v2\/product_tag?post=57721"}],"curies":[{"name":"wp","href":"https:\/\/api.w.org\/{rel}","templated":true}]}}