{"id":56334,"date":"2025-10-02T09:44:57","date_gmt":"2025-10-02T09:44:57","guid":{"rendered":"https:\/\/senabel.com\/?post_type=product&#038;p=56334"},"modified":"2026-03-01T20:54:52","modified_gmt":"2026-03-01T20:54:52","slug":"lyxigt-termosset-for-svart-kaffe-och-te","status":"publish","type":"product","link":"https:\/\/senabel.com\/sv\/product\/luxury-black-coffee-and-tea-thermos-set\/","title":{"rendered":"Lyxigt kaffe- och te-termoset i gr\u00e5tt med gulddetaljer - 1 liters kapacitet"},"content":{"rendered":"<p data-start=\"67\" data-end=\"209\">S\u00e4tt en lyxig och elegant pr\u00e4gel p\u00e5 din g\u00e4stfrihet med denna moderna design som kombinerar en sofistikerad svart f\u00e4rg med lyxiga gulddekorationer f\u00f6r kaffe och te.<\/p>\n<p data-start=\"211\" data-end=\"225\"><strong data-start=\"211\" data-end=\"223\">Funktioner<\/strong><\/p>\n<ul data-start=\"226\" data-end=\"389\">\n<li data-start=\"226\" data-end=\"250\">\n<p data-start=\"228\" data-end=\"250\">1 liter kaffetermos<\/p>\n<\/li>\n<li data-start=\"251\" data-end=\"274\">\n<p data-start=\"253\" data-end=\"274\">1 liters termos f\u00f6r te<\/p>\n<\/li>\n<li data-start=\"275\" data-end=\"318\">\n<p data-start=\"277\" data-end=\"318\">Elegant design i svart med guldaccenter<\/p>\n<\/li>\n<li data-start=\"319\" data-end=\"352\">\n<p data-start=\"321\" data-end=\"352\">H\u00e5ller v\u00e4rmen inne under l\u00e5ng tid<\/p>\n<\/li>\n<li data-start=\"353\" data-end=\"389\">\n<p data-start=\"355\" data-end=\"389\">Idealisk f\u00f6r vardaglig representation och evenemang<\/p>\n<\/li>\n<\/ul>\n<p data-start=\"391\" data-end=\"410\"><strong data-start=\"391\" data-end=\"408\">Produktinformation<\/strong><\/p>\n<ul data-start=\"411\" data-end=\"541\">\n<li data-start=\"411\" data-end=\"441\">\n<p data-start=\"413\" data-end=\"441\">Antal: 2 termosar (kaffe + te)<\/p>\n<\/li>\n<li data-start=\"442\" data-end=\"467\">\n<p data-start=\"444\" data-end=\"467\">Kapacitet: 1 liter per termos<\/p>\n<\/li>\n<li data-start=\"468\" data-end=\"493\">\n<p data-start=\"470\" data-end=\"493\">F\u00e4rgerna: Svart med guld<\/p>\n<\/li>\n<li data-start=\"494\" data-end=\"541\">\n<p data-start=\"496\" data-end=\"541\">Material: Premiumplast med inv\u00e4ndig v\u00e4rmeisolering<\/p>\n<\/li>\n<\/ul>\n<p data-start=\"543\" data-end=\"565\"><strong data-start=\"543\" data-end=\"563\">F\u00f6rvaring och sk\u00f6tsel<\/strong><\/p>\n<ul data-start=\"566\" data-end=\"655\">\n<li data-start=\"566\" data-end=\"609\">\n<p data-start=\"568\" data-end=\"609\">Handtv\u00e4ttas f\u00f6rsiktigt med en mjuk svamp<\/p>\n<\/li>\n<li data-start=\"610\" data-end=\"655\">\n<p data-start=\"612\" data-end=\"655\">F\u00f6rvaras skyddat fr\u00e5n st\u00f6tar och direkt v\u00e4rme<\/p>\n<\/li>\n<\/ul>","protected":false},"excerpt":{"rendered":"<p>S\u00e4tt en lyxig och elegant pr\u00e4gel p\u00e5 din g\u00e4stfrihet med denna moderna design som kombinerar en sofistikerad svart f\u00e4rg med lyxiga gulddekorationer f\u00f6r kaffe och te.<\/p>","protected":false},"featured_media":56335,"template":"","meta":[],"product_brand":[],"product_cat":[347,326],"product_tag":[],"class_list":["post-56334","product","type-product","status-publish","has-post-thumbnail","product_cat-347","product_cat-326","first","outofstock","taxable","shipping-taxable","purchasable","product-type-simple"],"_links":{"self":[{"href":"https:\/\/senabel.com\/sv\/wp-json\/wp\/v2\/product\/56334","targetHints":{"allow":["GET"]}}],"collection":[{"href":"https:\/\/senabel.com\/sv\/wp-json\/wp\/v2\/product"}],"about":[{"href":"https:\/\/senabel.com\/sv\/wp-json\/wp\/v2\/types\/product"}],"version-history":[{"count":3,"href":"https:\/\/senabel.com\/sv\/wp-json\/wp\/v2\/product\/56334\/revisions"}],"predecessor-version":[{"id":56344,"href":"https:\/\/senabel.com\/sv\/wp-json\/wp\/v2\/product\/56334\/revisions\/56344"}],"wp:featuredmedia":[{"embeddable":true,"href":"https:\/\/senabel.com\/sv\/wp-json\/wp\/v2\/media\/56335"}],"wp:attachment":[{"href":"https:\/\/senabel.com\/sv\/wp-json\/wp\/v2\/media?parent=56334"}],"wp:term":[{"taxonomy":"product_brand","embeddable":true,"href":"https:\/\/senabel.com\/sv\/wp-json\/wp\/v2\/product_brand?post=56334"},{"taxonomy":"product_cat","embeddable":true,"href":"https:\/\/senabel.com\/sv\/wp-json\/wp\/v2\/product_cat?post=56334"},{"taxonomy":"product_tag","embeddable":true,"href":"https:\/\/senabel.com\/sv\/wp-json\/wp\/v2\/product_tag?post=56334"}],"curies":[{"name":"wp","href":"https:\/\/api.w.org\/{rel}","templated":true}]}}