{"id":48143,"date":"2025-03-05T12:18:15","date_gmt":"2025-03-05T12:18:15","guid":{"rendered":"https:\/\/senabel.com\/?post_type=product&#038;p=48143"},"modified":"2025-07-01T09:50:40","modified_gmt":"2025-07-01T09:50:40","slug":"dreams-aprikosmarmelad-1450g","status":"publish","type":"product","link":"https:\/\/senabel.com\/sv\/product\/%d9%85%d8%b1%d8%a8%d9%89-%d8%a7%d9%84%d9%85%d8%b4%d9%85%d8%b4-%d9%85%d9%86-%d8%a7%d9%84%d8%a3%d8%ad%d9%84%d8%a7%d9%85-1450%d8%ba\/","title":{"rendered":"Dreams Aprikosmarmelad 1450g"},"content":{"rendered":"<p data-start=\"27\" data-end=\"234\">Med sin rika, kr\u00e4miga konsistens och naturligt s\u00f6tade smak \u00e4r denna l\u00e4ckra aprikosmarmelad det perfekta valet f\u00f6r en rej\u00e4l frukost eller dessert. Tillverkad av f\u00e4rska aprikoser av finaste kvalitet f\u00f6r en unik och oemotst\u00e5ndlig smak.<\/p>\n<p data-start=\"236\" data-end=\"475\"><strong data-start=\"239\" data-end=\"252\">Funktioner:<\/strong><br data-start=\"252\" data-end=\"255\" \/>\u2714 Tillverkad av naturliga, mogna aprikoser.<br data-start=\"282\" data-end=\"285\" \/>\u2714 Mjuk konsistens och balanserad s\u00f6t smak.<br data-start=\"313\" data-end=\"316\" \/>\u2714 Perfekt f\u00f6r att breda p\u00e5 br\u00f6d och rostat br\u00f6d eller f\u00f6r anv\u00e4ndning i desserter och bakverk.<br data-start=\"384\" data-end=\"387\" \/>\u2714 Inga konserveringsmedel eller konstgjorda f\u00e4rg\u00e4mnen.<br data-start=\"421\" data-end=\"424\" \/>\u2714 L\u00e4ttanv\u00e4nd f\u00f6rpackning som bevarar f\u00e4rskhet och smak.<\/p>\n<p data-start=\"477\" data-end=\"500\"><strong data-start=\"480\" data-end=\"498\">Produktinformation:<\/strong><\/p>\n<ul data-start=\"501\" data-end=\"659\">\n<li data-start=\"501\" data-end=\"526\"><strong data-start=\"503\" data-end=\"513\">Vikt:<\/strong> 1450 gram.<\/li>\n<li data-start=\"527\" data-end=\"579\"><strong data-start=\"529\" data-end=\"542\">Ingredienser:<\/strong> Naturliga aprikoser, socker, naturlig citronsaft.<\/li>\n<li data-start=\"580\" data-end=\"659\"><strong data-start=\"582\" data-end=\"598\">S\u00e4ttet att spara:<\/strong> F\u00f6rvara p\u00e5 en sval och torr plats och efter \u00f6ppnandet i kylsk\u00e5p.<\/li>\n<\/ul>\n<p data-start=\"661\" data-end=\"712\" data-is-last-node=\"\" data-is-only-node=\"\"><strong data-start=\"664\" data-end=\"707\">Njut av den naturliga aprikossmaken i varje tugga<\/strong><\/p>","protected":false},"excerpt":{"rendered":"<p>Med sin rika, kr\u00e4miga konsistens och naturligt s\u00f6tade smak \u00e4r denna l\u00e4ckra aprikosmarmelad det perfekta valet f\u00f6r en rej\u00e4l frukost eller dessert. Tillverkad av f\u00e4rska aprikoser av finaste kvalitet f\u00f6r en unik och oemotst\u00e5ndlig smak.<\/p>","protected":false},"featured_media":48144,"template":"","meta":[],"product_brand":[],"product_cat":[349,286,347],"product_tag":[],"class_list":{"0":"post-48143","1":"product","2":"type-product","3":"status-publish","4":"has-post-thumbnail","6":"product_cat-349","7":"product_cat-286","8":"product_cat-347","10":"first","11":"outofstock","12":"taxable","13":"shipping-taxable","14":"purchasable","15":"product-type-simple"},"_links":{"self":[{"href":"https:\/\/senabel.com\/sv\/wp-json\/wp\/v2\/product\/48143","targetHints":{"allow":["GET"]}}],"collection":[{"href":"https:\/\/senabel.com\/sv\/wp-json\/wp\/v2\/product"}],"about":[{"href":"https:\/\/senabel.com\/sv\/wp-json\/wp\/v2\/types\/product"}],"version-history":[{"count":3,"href":"https:\/\/senabel.com\/sv\/wp-json\/wp\/v2\/product\/48143\/revisions"}],"predecessor-version":[{"id":48147,"href":"https:\/\/senabel.com\/sv\/wp-json\/wp\/v2\/product\/48143\/revisions\/48147"}],"wp:featuredmedia":[{"embeddable":true,"href":"https:\/\/senabel.com\/sv\/wp-json\/wp\/v2\/media\/48144"}],"wp:attachment":[{"href":"https:\/\/senabel.com\/sv\/wp-json\/wp\/v2\/media?parent=48143"}],"wp:term":[{"taxonomy":"product_brand","embeddable":true,"href":"https:\/\/senabel.com\/sv\/wp-json\/wp\/v2\/product_brand?post=48143"},{"taxonomy":"product_cat","embeddable":true,"href":"https:\/\/senabel.com\/sv\/wp-json\/wp\/v2\/product_cat?post=48143"},{"taxonomy":"product_tag","embeddable":true,"href":"https:\/\/senabel.com\/sv\/wp-json\/wp\/v2\/product_tag?post=48143"}],"curies":[{"name":"wp","href":"https:\/\/api.w.org\/{rel}","templated":true}]}}