{"id":47960,"date":"2025-03-01T11:41:04","date_gmt":"2025-03-01T11:41:04","guid":{"rendered":"https:\/\/senabel.com\/?post_type=product&#038;p=47960"},"modified":"2025-08-23T11:37:28","modified_gmt":"2025-08-23T11:37:28","slug":"fargade-kanderade-mandlar-400g","status":"publish","type":"product","link":"https:\/\/senabel.com\/sv\/product\/%d9%84%d9%88%d8%b2-%d9%85%d9%84%d8%a8%d8%b3-%d9%85%d9%84%d9%88%d9%86-400%d8%ba\/","title":{"rendered":"F\u00e4rgade kanderade mandlar 400g"},"content":{"rendered":"<p data-start=\"34\" data-end=\"244\">Ett knaprigt \u00f6verdrag av f\u00e4rgat socker ger en touch av f\u00e4rg och uts\u00f6kt smak. Den har ett hj\u00e4rta av lyxiga mandlar, vilket g\u00f6r den till ett perfekt val f\u00f6r fester, glada tillf\u00e4llen eller till och med som ett roligt mellanm\u00e5l.<\/p>\n<p data-start=\"246\" data-end=\"457\"><strong data-start=\"249\" data-end=\"262\">Funktioner:<\/strong><br data-start=\"262\" data-end=\"265\" \/>\u2714 <strong data-start=\"267\" data-end=\"309\">Mandlar av h\u00f6g kvalitet \u00f6verdragna med ett knaprigt godis\u00f6verdrag<\/strong>.<br data-start=\"310\" data-end=\"313\" \/>\u2714 <strong data-start=\"315\" data-end=\"352\" data-is-only-node=\"\">Attraktiva f\u00e4rger f\u00f6r alla tillf\u00e4llen<\/strong>.<br data-start=\"353\" data-end=\"356\" \/>\u2714 <strong data-start=\"358\" data-end=\"409\">En uts\u00f6kt smak som kombinerar s\u00f6tman fr\u00e5n socker med den rika smaken fr\u00e5n mandlar<\/strong>.<br data-start=\"410\" data-end=\"413\" \/>\u2714 <strong data-start=\"415\" data-end=\"454\">Perfekt f\u00f6r br\u00f6llop, h\u00f6gtider och firanden<\/strong>.<\/p>\n<p data-start=\"459\" data-end=\"482\"><strong data-start=\"462\" data-end=\"480\">Produktinformation:<\/strong><\/p>\n<ul data-start=\"483\" data-end=\"616\">\n<li data-start=\"483\" data-end=\"507\"><strong data-start=\"485\" data-end=\"495\">Vikt:<\/strong> 400 gram.<\/li>\n<li data-start=\"508\" data-end=\"552\"><strong data-start=\"510\" data-end=\"523\">Ingredienser:<\/strong> Mandlar, socker, naturlig livsmedelsf\u00e4rg.<\/li>\n<li data-start=\"553\" data-end=\"616\"><strong data-start=\"555\" data-end=\"571\">S\u00e4ttet att spara:<\/strong> F\u00f6rvaras svalt, torrt och skyddat fr\u00e5n fukt.<\/li>\n<\/ul>\n<p data-start=\"618\" data-end=\"674\" data-is-last-node=\"\" data-is-only-node=\"\"><strong data-start=\"621\" data-end=\"674\" data-is-last-node=\"\">F\u00e5 ut det mesta av varje \u00f6gonblick med f\u00e4rgglada godisbitar<\/strong><\/p>","protected":false},"excerpt":{"rendered":"<p>Ett knaprigt \u00f6verdrag av f\u00e4rgat socker ger en touch av f\u00e4rg och uts\u00f6kt smak. Den har ett hj\u00e4rta av lyxiga mandlar, vilket g\u00f6r den till ett perfekt val f\u00f6r fester, glada tillf\u00e4llen eller till och med som ett roligt mellanm\u00e5l.<\/p>","protected":false},"featured_media":47961,"template":"","meta":[],"product_brand":[],"product_cat":[349,299,297,347],"product_tag":[],"class_list":{"0":"post-47960","1":"product","2":"type-product","3":"status-publish","4":"has-post-thumbnail","6":"product_cat-349","7":"product_cat-299","8":"product_cat-297","9":"product_cat-347","11":"first","12":"outofstock","13":"taxable","14":"shipping-taxable","15":"purchasable","16":"product-type-simple"},"_links":{"self":[{"href":"https:\/\/senabel.com\/sv\/wp-json\/wp\/v2\/product\/47960","targetHints":{"allow":["GET"]}}],"collection":[{"href":"https:\/\/senabel.com\/sv\/wp-json\/wp\/v2\/product"}],"about":[{"href":"https:\/\/senabel.com\/sv\/wp-json\/wp\/v2\/types\/product"}],"version-history":[{"count":2,"href":"https:\/\/senabel.com\/sv\/wp-json\/wp\/v2\/product\/47960\/revisions"}],"predecessor-version":[{"id":47963,"href":"https:\/\/senabel.com\/sv\/wp-json\/wp\/v2\/product\/47960\/revisions\/47963"}],"wp:featuredmedia":[{"embeddable":true,"href":"https:\/\/senabel.com\/sv\/wp-json\/wp\/v2\/media\/47961"}],"wp:attachment":[{"href":"https:\/\/senabel.com\/sv\/wp-json\/wp\/v2\/media?parent=47960"}],"wp:term":[{"taxonomy":"product_brand","embeddable":true,"href":"https:\/\/senabel.com\/sv\/wp-json\/wp\/v2\/product_brand?post=47960"},{"taxonomy":"product_cat","embeddable":true,"href":"https:\/\/senabel.com\/sv\/wp-json\/wp\/v2\/product_cat?post=47960"},{"taxonomy":"product_tag","embeddable":true,"href":"https:\/\/senabel.com\/sv\/wp-json\/wp\/v2\/product_tag?post=47960"}],"curies":[{"name":"wp","href":"https:\/\/api.w.org\/{rel}","templated":true}]}}