{"id":47690,"date":"2025-02-22T11:11:31","date_gmt":"2025-02-22T11:11:31","guid":{"rendered":"https:\/\/senabel.com\/?post_type=product&#038;p=47690"},"modified":"2025-04-05T21:05:26","modified_gmt":"2025-04-05T21:05:26","slug":"nestle-sotad-kondenserad-mjolk-397g","status":"publish","type":"product","link":"https:\/\/senabel.com\/sv\/product\/%d8%ad%d9%84%d9%8a%d8%a8-%d9%86%d8%b3%d8%aa%d9%84%d9%87-%d8%a7%d9%84%d9%85%d9%83%d8%ab%d9%81-%d8%a7%d9%84%d9%85%d8%ad%d9%84%d9%89-397%d8%ba\/","title":{"rendered":"Nestl\u00e9 s\u00f6tad kondenserad mj\u00f6lk - 397g"},"content":{"rendered":"<p data-start=\"52\" data-end=\"273\">Njut av den fylliga, kr\u00e4miga smaken med <strong data-start=\"100\" data-end=\"128\">Nestl\u00e9 s\u00f6tad kondenserad mj\u00f6lk<\/strong>En viktig ingrediens i dina favoritdesserter och drycker. Med sin tjocka konsistens och h\u00e4rligt s\u00f6ta smak \u00e4r den h\u00e4r produkten det perfekta tillskottet till dina favoritrecept.<\/p>\n<p data-start=\"275\" data-end=\"543\"><strong data-start=\"278\" data-end=\"291\">Funktioner:<\/strong><br data-start=\"291\" data-end=\"294\" \/>\u2714 Rik, kr\u00e4mig konsistens och l\u00e4tt att anv\u00e4nda.<br data-start=\"326\" data-end=\"329\" \/>\u2714 Ger en distinkt smak till desserter och bakverk.<br data-start=\"367\" data-end=\"370\" \/>\u2714 L\u00e4mplig f\u00f6r varma drycker som kaffe och mj\u00f6lk-te.<br data-start=\"429\" data-end=\"432\" \/>\u2714 Kan anv\u00e4ndas i dessertrecept som kakor, cheesecakes och kola.<br data-start=\"496\" data-end=\"499\" \/>\u2714 H\u00f6gkvalitativ produkt fr\u00e5n Nestl\u00e9 International.<\/p>\n<p data-start=\"545\" data-end=\"568\"><strong data-start=\"548\" data-end=\"566\">Produktinformation:<\/strong><\/p>\n<ul data-start=\"569\" data-end=\"951\">\n<li data-start=\"569\" data-end=\"624\"><strong data-start=\"571\" data-end=\"584\">Ingredienser:<\/strong> Kondenserad s\u00f6tad mj\u00f6lk, socker, skummj\u00f6lk.<\/li>\n<li data-start=\"625\" data-end=\"649\"><strong data-start=\"627\" data-end=\"637\">Vikt:<\/strong> 397 gram.<\/li>\n<li data-start=\"650\" data-end=\"852\"><strong data-start=\"652\" data-end=\"672\">Hur man anv\u00e4nder den:<\/strong>\n<ul data-start=\"677\" data-end=\"852\">\n<li data-start=\"677\" data-end=\"731\">Kan anv\u00e4ndas direkt i desserter och drycker.<\/li>\n<li data-start=\"734\" data-end=\"788\">Tills\u00e4tt i kaffe, te och milkshakes f\u00f6r en kr\u00e4mig finish.<\/li>\n<li data-start=\"791\" data-end=\"852\">Anv\u00e4nds i desserter som creme caramel och karamells\u00e5s.<\/li>\n<\/ul>\n<\/li>\n<li data-start=\"853\" data-end=\"951\"><strong data-start=\"855\" data-end=\"873\">F\u00f6rvaringsmetoden:<\/strong> F\u00f6rvaras svalt och torrt, och efter \u00f6ppnandet, f\u00f6rvara i kylsk\u00e5p och konsumera inom n\u00e5gra dagar.<\/li>\n<\/ul>\n<p data-start=\"953\" data-end=\"1034\" data-is-last-node=\"\" data-is-only-node=\"\"><strong data-start=\"956\" data-end=\"1029\">Tills\u00e4tt en s\u00f6t och kr\u00e4mig touch till dina favoritr\u00e4tter med Nestl\u00e9 s\u00f6tad kondenserad mj\u00f6lk<\/strong><\/p>","protected":false},"excerpt":{"rendered":"<p>Njut av den fylliga, kr\u00e4miga smaken med <strong data-start=\"100\" data-end=\"128\">Nestl\u00e9 s\u00f6tad kondenserad mj\u00f6lk<\/strong>En viktig ingrediens i dina favoritdesserter och drycker. Med sin tjocka konsistens och h\u00e4rligt s\u00f6ta smak \u00e4r den h\u00e4r produkten det perfekta tillskottet till dina favoritrecept.<\/p>","protected":false},"featured_media":47691,"template":"","meta":[],"product_brand":[],"product_cat":[347,349],"product_tag":[],"class_list":{"0":"post-47690","1":"product","2":"type-product","3":"status-publish","4":"has-post-thumbnail","6":"product_cat-347","7":"product_cat-349","9":"first","10":"outofstock","11":"taxable","12":"shipping-taxable","13":"purchasable","14":"product-type-simple"},"_links":{"self":[{"href":"https:\/\/senabel.com\/sv\/wp-json\/wp\/v2\/product\/47690","targetHints":{"allow":["GET"]}}],"collection":[{"href":"https:\/\/senabel.com\/sv\/wp-json\/wp\/v2\/product"}],"about":[{"href":"https:\/\/senabel.com\/sv\/wp-json\/wp\/v2\/types\/product"}],"version-history":[{"count":3,"href":"https:\/\/senabel.com\/sv\/wp-json\/wp\/v2\/product\/47690\/revisions"}],"predecessor-version":[{"id":47723,"href":"https:\/\/senabel.com\/sv\/wp-json\/wp\/v2\/product\/47690\/revisions\/47723"}],"wp:featuredmedia":[{"embeddable":true,"href":"https:\/\/senabel.com\/sv\/wp-json\/wp\/v2\/media\/47691"}],"wp:attachment":[{"href":"https:\/\/senabel.com\/sv\/wp-json\/wp\/v2\/media?parent=47690"}],"wp:term":[{"taxonomy":"product_brand","embeddable":true,"href":"https:\/\/senabel.com\/sv\/wp-json\/wp\/v2\/product_brand?post=47690"},{"taxonomy":"product_cat","embeddable":true,"href":"https:\/\/senabel.com\/sv\/wp-json\/wp\/v2\/product_cat?post=47690"},{"taxonomy":"product_tag","embeddable":true,"href":"https:\/\/senabel.com\/sv\/wp-json\/wp\/v2\/product_tag?post=47690"}],"curies":[{"name":"wp","href":"https:\/\/api.w.org\/{rel}","templated":true}]}}